{"id":2948,"date":"2024-11-19T12:35:33","date_gmt":"2024-11-19T11:35:33","guid":{"rendered":"https:\/\/adkoch.digitaleformate.wpspace-server.de\/?page_id=2948"},"modified":"2024-11-19T12:36:30","modified_gmt":"2024-11-19T11:36:30","slug":"home-alterantive","status":"publish","type":"page","link":"https:\/\/adkoch.digitaleformate.wpspace-server.de\/?page_id=2948","title":{"rendered":"Home Alterantive"},"content":{"rendered":"\t\t<div data-elementor-type=\"wp-page\" data-elementor-id=\"2948\" class=\"elementor elementor-2948\">\n\t\t\t\t\t\t<section class=\"elementor-section elementor-top-section elementor-element elementor-element-4adf5a3 elementor-section-height-min-height elementor-section-boxed elementor-section-height-default elementor-section-items-middle\" data-id=\"4adf5a3\" data-element_type=\"section\" data-e-type=\"section\" data-settings=\"{&quot;background_background&quot;:&quot;classic&quot;,&quot;shape_divider_bottom&quot;:&quot;waves&quot;,&quot;shape_divider_bottom_negative&quot;:&quot;yes&quot;}\">\n\t\t\t\t\t\t\t<div class=\"elementor-background-overlay\"><\/div>\n\t\t\t\t\t\t<div class=\"elementor-shape elementor-shape-bottom\" aria-hidden=\"true\" data-negative=\"true\">\n\t\t\t<svg xmlns=\"http:\/\/www.w3.org\/2000\/svg\" viewBox=\"0 0 1000 100\" preserveAspectRatio=\"none\">\n\t<path class=\"elementor-shape-fill\" d=\"M790.5,93.1c-59.3-5.3-116.8-18-192.6-50c-29.6-12.7-76.9-31-100.5-35.9c-23.6-4.9-52.6-7.8-75.5-5.3\n\tc-10.2,1.1-22.6,1.4-50.1,7.4c-27.2,6.3-58.2,16.6-79.4,24.7c-41.3,15.9-94.9,21.9-134,22.6C72,58.2,0,25.8,0,25.8V100h1000V65.3\n\tc0,0-51.5,19.4-106.2,25.7C839.5,97,814.1,95.2,790.5,93.1z\"\/>\n<\/svg>\t\t<\/div>\n\t\t\t\t\t<div class=\"elementor-container elementor-column-gap-default\">\n\t\t\t\t\t<div class=\"elementor-column elementor-col-50 elementor-top-column elementor-element elementor-element-6d2ac09\" data-id=\"6d2ac09\" data-element_type=\"column\" data-e-type=\"column\">\n\t\t\t<div class=\"elementor-widget-wrap elementor-element-populated\">\n\t\t\t\t\t\t<div class=\"elementor-element elementor-element-ad5eb91 elementor-widget elementor-widget-heading\" data-id=\"ad5eb91\" data-element_type=\"widget\" data-e-type=\"widget\" data-widget_type=\"heading.default\">\n\t\t\t\t<div class=\"elementor-widget-container\">\n\t\t\t\t\t<span class=\"elementor-heading-title elementor-size-default\">F\u00fcr ein selbstbestimmtes Leben<\/span>\t\t\t\t<\/div>\n\t\t\t\t<\/div>\n\t\t\t\t<div class=\"elementor-element elementor-element-390cd3f elementor-widget elementor-widget-elementskit-heading\" data-id=\"390cd3f\" data-element_type=\"widget\" data-e-type=\"widget\" data-widget_type=\"elementskit-heading.default\">\n\t\t\t\t<div class=\"elementor-widget-container\">\n\t\t\t\t\t<div class=\"ekit-wid-con\" ><div class=\"ekit-heading elementskit-section-title-wraper text_left   ekit_heading_tablet-   ekit_heading_mobile-\"><h1 class=\"ekit-heading--title elementskit-section-title \">Kompetente Pflege &amp; Betreuung \u2013 zu Hause oder in Gemeinschaft<\/h1><\/div><\/div>\t\t\t\t<\/div>\n\t\t\t\t<\/div>\n\t\t\t\t<div class=\"elementor-element elementor-element-c826b0b elementor-widget elementor-widget-text-editor\" data-id=\"c826b0b\" data-element_type=\"widget\" data-e-type=\"widget\" data-widget_type=\"text-editor.default\">\n\t\t\t\t<div class=\"elementor-widget-container\">\n\t\t\t\t\t\t\t\t\t<p>Unser unterst\u00fctzen Sie gerne in famili\u00e4rer Betreuung, die zu Ihren Bed\u00fcrfnissen passt. Rufen Sie unser Team f\u00fcr weitere Infos gerne an.<\/p>\t\t\t\t\t\t\t\t<\/div>\n\t\t\t\t<\/div>\n\t\t\t\t<div class=\"elementor-element elementor-element-a30e2ca elementor-widget__width-auto elementor-mobile-align-center elementor-widget-mobile__width-inherit elementor-align-left elementor-widget elementor-widget-button\" data-id=\"a30e2ca\" data-element_type=\"widget\" data-e-type=\"widget\" data-widget_type=\"button.default\">\n\t\t\t\t<div class=\"elementor-widget-container\">\n\t\t\t\t\t\t\t\t\t<div class=\"elementor-button-wrapper\">\n\t\t\t\t\t<a class=\"elementor-button elementor-button-link elementor-size-sm elementor-animation-float\" href=\"tel:08193%20\/%2093%2097%2008\">\n\t\t\t\t\t\t<span class=\"elementor-button-content-wrapper\">\n\t\t\t\t\t\t<span class=\"elementor-button-icon\">\n\t\t\t\t<i aria-hidden=\"true\" class=\"icon icon-phone1\"><\/i>\t\t\t<\/span>\n\t\t\t\t\t\t\t\t\t<span class=\"elementor-button-text\">08193 \/ 93 97 08<\/span>\n\t\t\t\t\t<\/span>\n\t\t\t\t\t<\/a>\n\t\t\t\t<\/div>\n\t\t\t\t\t\t\t\t<\/div>\n\t\t\t\t<\/div>\n\t\t\t\t\t<\/div>\n\t\t<\/div>\n\t\t\t\t<div class=\"elementor-column elementor-col-50 elementor-top-column elementor-element elementor-element-ef11230\" data-id=\"ef11230\" data-element_type=\"column\" data-e-type=\"column\" data-settings=\"{&quot;background_background&quot;:&quot;classic&quot;}\">\n\t\t\t<div class=\"elementor-widget-wrap elementor-element-populated\">\n\t\t\t\t\t\t<div class=\"elementor-element elementor-element-4d5ad60 elementor-widget elementor-widget-metform\" data-id=\"4d5ad60\" data-element_type=\"widget\" data-e-type=\"widget\" data-widget_type=\"metform.default\">\n\t\t\t\t<div class=\"elementor-widget-container\">\n\t\t\t\t\t<div id=\"mf-response-props-id-200\" data-previous-steps-style=\"\" data-editswitchopen=\"\" data-response_type=\"alert\" data-erroricon=\"fas fa-exclamation-triangle\" data-successicon=\"fas fa-check\" data-messageposition=\"top\" class=\"   mf-scroll-top-no\">\n\t\t<div class=\"formpicker_warper formpicker_warper_editable\" data-metform-formpicker-key=\"200\" >\n\t\t\t\t\n\t\t\t<div class=\"mf-widget-container\">\n\t\t\t\t\r\n\t\t<div\r\n\t\t\tid=\"metform-wrap-4d5ad60-200\"\r\n\t\t\tclass=\"mf-form-wrapper\"\r\n\t\t\tdata-form-id=\"200\"\r\n\t\t\tdata-action=\"https:\/\/adkoch.digitaleformate.wpspace-server.de\/index.php?rest_route=\/metform\/v1\/entries\/insert\/200\"\r\n\t\t\tdata-wp-nonce=\"c0a7d079ff\"\r\n\t\t\tdata-form-nonce=\"6859b88849\"\r\n\t\t\tdata-quiz-summery = \"false\"\r\n\t\t\tdata-save-progress = \"false\"\r\n\t\t\tdata-form-type=\"contact_form\"\r\n\t\t\tdata-stop-vertical-effect=\"\"\r\n\t\t\t><\/div>\r\n\r\n\r\n\t\t<!----------------------------- \r\n\t\t\t* controls_data : find the the props passed indie of data attribute\r\n\t\t\t* props.SubmitResponseMarkup : contains the markup of error or success message\r\n\t\t\t* https:\/\/developer.mozilla.org\/en-US\/docs\/Web\/JavaScript\/Reference\/Template_literals\r\n\t\t--------------------------- -->\r\n\r\n\t\t\t\t<script type=\"text\/mf\" class=\"mf-template\">\r\n\t\t\tfunction controls_data (value){\r\n\t\t\t\tlet currentWrapper = \"mf-response-props-id-200\";\r\n\t\t\t\tlet currentEl = document.getElementById(currentWrapper);\r\n\t\t\t\t\r\n\t\t\t\treturn currentEl ? currentEl.dataset[value] : false\r\n\t\t\t}\r\n\r\n\r\n\t\t\tlet is_edit_mode = '' ? true : false;\r\n\t\t\tlet message_position = controls_data('messageposition') || 'top';\r\n\r\n\t\t\t\r\n\t\t\tlet message_successIcon = controls_data('successicon') || '';\r\n\t\t\tlet message_errorIcon = controls_data('erroricon') || '';\r\n\t\t\tlet message_editSwitch = controls_data('editswitchopen') === 'yes' ? true : false;\r\n\t\t\tlet message_proClass = controls_data('editswitchopen') === 'yes' ? 'mf_pro_activated' : '';\r\n\t\t\t\r\n\t\t\tlet is_dummy_markup = is_edit_mode && message_editSwitch ? true : false;\r\n\r\n\t\t\t\r\n\t\t\treturn html`\r\n\t\t\t\t<form\r\n\t\t\t\t\tclassName=\"metform-form-content\"\r\n\t\t\t\t\tref=${parent.formContainerRef}\r\n\t\t\t\t\tonSubmit=${ validation.handleSubmit( parent.handleFormSubmit ) }\r\n\t\t\t\t\r\n\t\t\t\t\t>\r\n\t\t\t\r\n\t\t\t\r\n\t\t\t\t\t${is_dummy_markup ? message_position === 'top' ?  props.ResponseDummyMarkup(message_successIcon, message_proClass) : '' : ''}\r\n\t\t\t\t\t${is_dummy_markup ? ' ' :  message_position === 'top' ? props.SubmitResponseMarkup`${parent}${state}${message_successIcon}${message_errorIcon}${message_proClass}` : ''}\r\n\r\n\t\t\t\t\t<!--------------------------------------------------------\r\n\t\t\t\t\t*** IMPORTANT \/ DANGEROUS ***\r\n\t\t\t\t\t${html``} must be used as in immediate child of \"metform-form-main-wrapper\"\r\n\t\t\t\t\tclass otherwise multistep form will not run at all\r\n\t\t\t\t\t---------------------------------------------------------->\r\n\r\n\t\t\t\t\t<div className=\"metform-form-main-wrapper\" key=${'hide-form-after-submit'} ref=${parent.formRef}>\r\n\t\t\t\t\t${html`\r\n\t\t\t\t\t\t\t\t\t\t\t`}\r\n\t\t\t\t\t<\/div>\r\n\r\n\t\t\t\t\t${is_dummy_markup ? message_position === 'bottom' ? props.ResponseDummyMarkup(message_successIcon, message_proClass) : '' : ''}\r\n\t\t\t\t\t${is_dummy_markup ? ' ' : message_position === 'bottom' ? props.SubmitResponseMarkup`${parent}${state}${message_successIcon}${message_errorIcon}${message_proClass}` : ''}\r\n\t\t\t\t\r\n\t\t\t\t<\/form>\r\n\t\t\t`\r\n\t\t<\/script>\r\n\r\n\t\t\t\t\t<\/div>\n\t\t<\/div>\n\t\t<\/div>\t\t\t\t<\/div>\n\t\t\t\t<\/div>\n\t\t\t\t\t<\/div>\n\t\t<\/div>\n\t\t\t\t\t<\/div>\n\t\t<\/section>\n\t\t\t\t<section class=\"elementor-section elementor-top-section elementor-element elementor-element-ed5fe2d elementor-hidden-tablet elementor-hidden-mobile elementor-section-boxed elementor-section-height-default elementor-section-height-default\" data-id=\"ed5fe2d\" data-element_type=\"section\" data-e-type=\"section\">\n\t\t\t\t\t\t<div class=\"elementor-container elementor-column-gap-default\">\n\t\t\t\t\t<div class=\"elementor-column elementor-col-50 elementor-top-column elementor-element elementor-element-914324b\" data-id=\"914324b\" data-element_type=\"column\" data-e-type=\"column\">\n\t\t\t<div class=\"elementor-widget-wrap elementor-element-populated\">\n\t\t\t\t\t\t<div class=\"elementor-element elementor-element-bd9b538 elementor-widget elementor-widget-image\" data-id=\"bd9b538\" data-element_type=\"widget\" data-e-type=\"widget\" data-widget_type=\"image.default\">\n\t\t\t\t<div class=\"elementor-widget-container\">\n\t\t\t\t\t\t\t\t\t\t\t\t\t\t\t<img decoding=\"async\" src=\"https:\/\/adkoch.digitaleformate.wpspace-server.de\/wp-content\/uploads\/elementor\/thumbs\/tagespflege-windach-1-qsljiizzm1pckded38tan1ydkqo54cif2cwpmvuwjk.webp\" title=\"tagespflege-windach-1\" alt=\"tagespflege-windach-1\" loading=\"lazy\" \/>\t\t\t\t\t\t\t\t\t\t\t\t\t\t\t<\/div>\n\t\t\t\t<\/div>\n\t\t\t\t\t<\/div>\n\t\t<\/div>\n\t\t\t\t<div class=\"elementor-column elementor-col-50 elementor-top-column elementor-element elementor-element-e281e24\" data-id=\"e281e24\" data-element_type=\"column\" data-e-type=\"column\">\n\t\t\t<div class=\"elementor-widget-wrap elementor-element-populated\">\n\t\t\t\t\t\t<div class=\"elementor-element elementor-element-c5e1cab elementor-widget elementor-widget-heading\" data-id=\"c5e1cab\" data-element_type=\"widget\" data-e-type=\"widget\" data-settings=\"{&quot;_animation&quot;:&quot;none&quot;}\" data-widget_type=\"heading.default\">\n\t\t\t\t<div class=\"elementor-widget-container\">\n\t\t\t\t\t<div class=\"elementor-heading-title elementor-size-default\">Qualit\u00e4t, Zufriedenheit und Vertrauen<\/div>\t\t\t\t<\/div>\n\t\t\t\t<\/div>\n\t\t\t\t<div class=\"elementor-element elementor-element-4de768d elementor-widget elementor-widget-heading\" data-id=\"4de768d\" data-element_type=\"widget\" data-e-type=\"widget\" data-settings=\"{&quot;_animation&quot;:&quot;none&quot;,&quot;_animation_delay&quot;:200}\" data-widget_type=\"heading.default\">\n\t\t\t\t<div class=\"elementor-widget-container\">\n\t\t\t\t\t<h3 class=\"elementor-heading-title elementor-size-default\">Pflegezentrum Windach-Ammersee GmbH<\/h3>\t\t\t\t<\/div>\n\t\t\t\t<\/div>\n\t\t\t\t<div class=\"elementor-element elementor-element-02f33b1 elementor-widget elementor-widget-text-editor\" data-id=\"02f33b1\" data-element_type=\"widget\" data-e-type=\"widget\" data-widget_type=\"text-editor.default\">\n\t\t\t\t<div class=\"elementor-widget-container\">\n\t\t\t\t\t\t\t\t\t<p>Das Pflegezentrum Windach-Ammersee bietet seit 1995 umfassende Pflege- und Betreuungsleistungen im Raum Windach. Unser Pflegedienst setzt auf kontinuierliche Fortbildung und Schulung unseres Personals. So gew\u00e4hrleisten wir bleibende Qualit\u00e4t. Unser Ziel ist es, pflegebed\u00fcrftigen Menschen ein w\u00fcrdevolles und erf\u00fclltes Leben zu erm\u00f6glichen \u2013 sei es in den eigenen vier W\u00e4nden, in unserer ambulanten Tagespflege oder in unserer Senioren-Wohngemeinschaft. Hier pflegen wir eine famili\u00e4re Atmosph\u00e4re.\u00a0<\/p>\t\t\t\t\t\t\t\t<\/div>\n\t\t\t\t<\/div>\n\t\t\t\t<div class=\"elementor-element elementor-element-62dac8c elementor-widget elementor-widget-button\" data-id=\"62dac8c\" data-element_type=\"widget\" data-e-type=\"widget\" data-widget_type=\"button.default\">\n\t\t\t\t<div class=\"elementor-widget-container\">\n\t\t\t\t\t\t\t\t\t<div class=\"elementor-button-wrapper\">\n\t\t\t\t\t<a class=\"elementor-button elementor-button-link elementor-size-sm elementor-animation-float\" href=\"https:\/\/adkoch.digitaleformate.wpspace-server.de\/?page_id=1994\">\n\t\t\t\t\t\t<span class=\"elementor-button-content-wrapper\">\n\t\t\t\t\t\t\t\t\t<span class=\"elementor-button-text\">Kontakt aufnehmen<\/span>\n\t\t\t\t\t<\/span>\n\t\t\t\t\t<\/a>\n\t\t\t\t<\/div>\n\t\t\t\t\t\t\t\t<\/div>\n\t\t\t\t<\/div>\n\t\t\t\t\t<\/div>\n\t\t<\/div>\n\t\t\t\t\t<\/div>\n\t\t<\/section>\n\t\t\t\t<section class=\"elementor-section elementor-top-section elementor-element elementor-element-e5ced96 elementor-hidden-desktop elementor-section-boxed elementor-section-height-default elementor-section-height-default\" data-id=\"e5ced96\" data-element_type=\"section\" data-e-type=\"section\">\n\t\t\t\t\t\t<div class=\"elementor-container elementor-column-gap-default\">\n\t\t\t\t\t<div class=\"elementor-column elementor-col-50 elementor-top-column elementor-element elementor-element-cd2c6bf\" data-id=\"cd2c6bf\" data-element_type=\"column\" data-e-type=\"column\">\n\t\t\t<div class=\"elementor-widget-wrap elementor-element-populated\">\n\t\t\t\t\t\t<div class=\"elementor-element elementor-element-3df2e30 elementor-invisible elementor-widget elementor-widget-heading\" data-id=\"3df2e30\" data-element_type=\"widget\" data-e-type=\"widget\" data-settings=\"{&quot;_animation&quot;:&quot;fadeInUp&quot;}\" data-widget_type=\"heading.default\">\n\t\t\t\t<div class=\"elementor-widget-container\">\n\t\t\t\t\t<h2 class=\"elementor-heading-title elementor-size-default\">\u00dcber uns<\/h2>\t\t\t\t<\/div>\n\t\t\t\t<\/div>\n\t\t\t\t<div class=\"elementor-element elementor-element-901cd8c elementor-invisible elementor-widget elementor-widget-heading\" data-id=\"901cd8c\" data-element_type=\"widget\" data-e-type=\"widget\" data-settings=\"{&quot;_animation&quot;:&quot;fadeInUp&quot;,&quot;_animation_delay&quot;:200}\" data-widget_type=\"heading.default\">\n\t\t\t\t<div class=\"elementor-widget-container\">\n\t\t\t\t\t<h3 class=\"elementor-heading-title elementor-size-default\">Pflegezentrum Windach-Ammersee GmbH<\/h3>\t\t\t\t<\/div>\n\t\t\t\t<\/div>\n\t\t\t\t<div class=\"elementor-element elementor-element-e143d89 elementor-widget elementor-widget-text-editor\" data-id=\"e143d89\" data-element_type=\"widget\" data-e-type=\"widget\" data-widget_type=\"text-editor.default\">\n\t\t\t\t<div class=\"elementor-widget-container\">\n\t\t\t\t\t\t\t\t\tDas Pflegezentrum Windach-Ammersee mit Sitz in Windach besteht seit 1995. Seit 2002 wurde es zur GmbH umfirmiert. Unser dreigliedriges Pflegeangebot aus ambulanter Kranken- und Altenpflege, ambulanter Tagespflege in Windach sowie unserer Senioren-Wohngemeinschaft in Windach f\u00fchren wir wie gewohnt mit fachlich geschultem, kompetentem Team fort.\t\t\t\t\t\t\t\t<\/div>\n\t\t\t\t<\/div>\n\t\t\t\t<div class=\"elementor-element elementor-element-97246dc elementor-position-inline-start elementor-mobile-position-inline-start elementor-view-default elementor-widget elementor-widget-icon-box\" data-id=\"97246dc\" data-element_type=\"widget\" data-e-type=\"widget\" data-widget_type=\"icon-box.default\">\n\t\t\t\t<div class=\"elementor-widget-container\">\n\t\t\t\t\t\t\t<div class=\"elementor-icon-box-wrapper\">\n\n\t\t\t\t\t\t<div class=\"elementor-icon-box-icon\">\n\t\t\t\t<span  class=\"elementor-icon\">\n\t\t\t\t<i aria-hidden=\"true\" class=\"icon icon-graduation-hat\"><\/i>\t\t\t\t<\/span>\n\t\t\t<\/div>\n\t\t\t\n\t\t\t\t\t\t<div class=\"elementor-icon-box-content\">\n\n\t\t\t\t\t\t\t\t\t<h4 class=\"elementor-icon-box-title\">\n\t\t\t\t\t\t<span  >\n\t\t\t\t\t\t\tGuter Personalabschluss\t\t\t\t\t\t<\/span>\n\t\t\t\t\t<\/h4>\n\t\t\t\t\n\t\t\t\t\t\t\t\t\t<p class=\"elementor-icon-box-description\">\n\t\t\t\t\t\tLorem ipsum dolor sit amet, consectetur adipiscing elit. Ut elit tellus, luctus nec ullamcorper mattis\t\t\t\t\t<\/p>\n\t\t\t\t\n\t\t\t<\/div>\n\t\t\t\n\t\t<\/div>\n\t\t\t\t\t\t<\/div>\n\t\t\t\t<\/div>\n\t\t\t\t<div class=\"elementor-element elementor-element-be07f39 elementor-position-inline-start elementor-mobile-position-inline-start elementor-view-default elementor-widget elementor-widget-icon-box\" data-id=\"be07f39\" data-element_type=\"widget\" data-e-type=\"widget\" data-widget_type=\"icon-box.default\">\n\t\t\t\t<div class=\"elementor-widget-container\">\n\t\t\t\t\t\t\t<div class=\"elementor-icon-box-wrapper\">\n\n\t\t\t\t\t\t<div class=\"elementor-icon-box-icon\">\n\t\t\t\t<span  class=\"elementor-icon\">\n\t\t\t\t<i aria-hidden=\"true\" class=\"icon icon-heart-pulse\"><\/i>\t\t\t\t<\/span>\n\t\t\t<\/div>\n\t\t\t\n\t\t\t\t\t\t<div class=\"elementor-icon-box-content\">\n\n\t\t\t\t\t\t\t\t\t<h4 class=\"elementor-icon-box-title\">\n\t\t\t\t\t\t<span  >\n\t\t\t\t\t\t\tErfahrenes Mitarbeiterteam\t\t\t\t\t\t<\/span>\n\t\t\t\t\t<\/h4>\n\t\t\t\t\n\t\t\t\t\t\t\t\t\t<p class=\"elementor-icon-box-description\">\n\t\t\t\t\t\tLorem ipsum dolor sit amet, consectetur adipiscing elit. Ut elit tellus, luctus nec ullamcorper mattis\t\t\t\t\t<\/p>\n\t\t\t\t\n\t\t\t<\/div>\n\t\t\t\n\t\t<\/div>\n\t\t\t\t\t\t<\/div>\n\t\t\t\t<\/div>\n\t\t\t\t<div class=\"elementor-element elementor-element-470e64d elementor-widget elementor-widget-button\" data-id=\"470e64d\" data-element_type=\"widget\" data-e-type=\"widget\" data-widget_type=\"button.default\">\n\t\t\t\t<div class=\"elementor-widget-container\">\n\t\t\t\t\t\t\t\t\t<div class=\"elementor-button-wrapper\">\n\t\t\t\t\t<a class=\"elementor-button elementor-button-link elementor-size-sm elementor-animation-float\" href=\"#\">\n\t\t\t\t\t\t<span class=\"elementor-button-content-wrapper\">\n\t\t\t\t\t\t\t\t\t<span class=\"elementor-button-text\">Erfahren Sie mehr<\/span>\n\t\t\t\t\t<\/span>\n\t\t\t\t\t<\/a>\n\t\t\t\t<\/div>\n\t\t\t\t\t\t\t\t<\/div>\n\t\t\t\t<\/div>\n\t\t\t\t\t<\/div>\n\t\t<\/div>\n\t\t\t\t<div class=\"elementor-column elementor-col-50 elementor-top-column elementor-element elementor-element-1d82281\" data-id=\"1d82281\" data-element_type=\"column\" data-e-type=\"column\">\n\t\t\t<div class=\"elementor-widget-wrap elementor-element-populated\">\n\t\t\t\t\t\t<div class=\"elementor-element elementor-element-47d3b77 elementor-widget elementor-widget-image\" data-id=\"47d3b77\" data-element_type=\"widget\" data-e-type=\"widget\" data-widget_type=\"image.default\">\n\t\t\t\t<div class=\"elementor-widget-container\">\n\t\t\t\t\t\t\t\t\t\t\t\t\t\t\t<img decoding=\"async\" src=\"https:\/\/adkoch.digitaleformate.wpspace-server.de\/wp-content\/uploads\/elementor\/thumbs\/homecare-senior-healthcare-and-doctor-helping-a-sick-woman-with-care-in-bedroom-of-home-portrait-1-qo36gipwu3u70h3sto9w2tc9hfyomgq5q496a8o08w.jpg\" title=\"homecare-senior-healthcare-and-doctor-helping-a-sick-woman-with-care-in-bedroom-of-home-portrait.jpg\" alt=\"homecare-senior-healthcare-and-doctor-helping-a-sick-woman-with-care-in-bedroom-of-home-portrait.jpg\" loading=\"lazy\" \/>\t\t\t\t\t\t\t\t\t\t\t\t\t\t\t<\/div>\n\t\t\t\t<\/div>\n\t\t\t\t<div class=\"elementor-element elementor-element-75da945 elementor-widget elementor-widget-image\" data-id=\"75da945\" data-element_type=\"widget\" data-e-type=\"widget\" data-widget_type=\"image.default\">\n\t\t\t\t<div class=\"elementor-widget-container\">\n\t\t\t\t\t\t\t\t\t\t\t\t\t\t\t<img decoding=\"async\" src=\"https:\/\/adkoch.digitaleformate.wpspace-server.de\/wp-content\/uploads\/elementor\/thumbs\/portrait-of-elderly-man-with-a-nurse-bonding-during-a-checkup-at-assisted-living-homecare-smile-1-1-qo36gkll7rwrnp12ip357sv6o7pf1uxmedk58sl7wg.jpg\" title=\"portrait-of-elderly-man-with-a-nurse-bonding-during-a-checkup-at-assisted-living-homecare-smile-.jpg\" alt=\"portrait-of-elderly-man-with-a-nurse-bonding-during-a-checkup-at-assisted-living-homecare-smile-.jpg\" loading=\"lazy\" \/>\t\t\t\t\t\t\t\t\t\t\t\t\t\t\t<\/div>\n\t\t\t\t<\/div>\n\t\t\t\t\t<\/div>\n\t\t<\/div>\n\t\t\t\t\t<\/div>\n\t\t<\/section>\n\t\t\t\t<section class=\"elementor-section elementor-top-section elementor-element elementor-element-c26d433 elementor-section-boxed elementor-section-height-default elementor-section-height-default\" data-id=\"c26d433\" data-element_type=\"section\" data-e-type=\"section\" id=\"leistungen\" data-settings=\"{&quot;background_background&quot;:&quot;classic&quot;}\">\n\t\t\t\t\t\t<div class=\"elementor-container elementor-column-gap-default\">\n\t\t\t\t\t<div class=\"elementor-column elementor-col-100 elementor-top-column elementor-element elementor-element-f352627\" data-id=\"f352627\" data-element_type=\"column\" data-e-type=\"column\">\n\t\t\t<div class=\"elementor-widget-wrap elementor-element-populated\">\n\t\t\t\t\t\t<div class=\"elementor-element elementor-element-1df0841 elementor-widget elementor-widget-heading\" data-id=\"1df0841\" data-element_type=\"widget\" data-e-type=\"widget\" data-settings=\"{&quot;_animation&quot;:&quot;none&quot;}\" data-widget_type=\"heading.default\">\n\t\t\t\t<div class=\"elementor-widget-container\">\n\t\t\t\t\t<h2 class=\"elementor-heading-title elementor-size-default\">Was wir tun<\/h2>\t\t\t\t<\/div>\n\t\t\t\t<\/div>\n\t\t\t\t<div class=\"elementor-element elementor-element-dcee8da elementor-widget elementor-widget-heading\" data-id=\"dcee8da\" data-element_type=\"widget\" data-e-type=\"widget\" data-settings=\"{&quot;_animation&quot;:&quot;none&quot;,&quot;_animation_delay&quot;:200}\" data-widget_type=\"heading.default\">\n\t\t\t\t<div class=\"elementor-widget-container\">\n\t\t\t\t\t<h3 class=\"elementor-heading-title elementor-size-default\">Die drei S\u00e4ulen unseres Pflegeangebots<\/h3>\t\t\t\t<\/div>\n\t\t\t\t<\/div>\n\t\t\t\t<section class=\"elementor-section elementor-inner-section elementor-element elementor-element-2c85a33 elementor-section-boxed elementor-section-height-default elementor-section-height-default\" data-id=\"2c85a33\" data-element_type=\"section\" data-e-type=\"section\">\n\t\t\t\t\t\t<div class=\"elementor-container elementor-column-gap-custom\">\n\t\t\t\t\t<div class=\"elementor-column elementor-col-33 elementor-inner-column elementor-element elementor-element-ef36797\" data-id=\"ef36797\" data-element_type=\"column\" data-e-type=\"column\" data-settings=\"{&quot;animation&quot;:&quot;none&quot;}\">\n\t\t\t<div class=\"elementor-widget-wrap elementor-element-populated\">\n\t\t\t\t\t\t<div class=\"elementor-element elementor-element-0c57479 ekit-equal-height-disable elementor-widget elementor-widget-elementskit-icon-box\" data-id=\"0c57479\" data-element_type=\"widget\" data-e-type=\"widget\" data-widget_type=\"elementskit-icon-box.default\">\n\t\t\t\t<div class=\"elementor-widget-container\">\n\t\t\t\t\t<div class=\"ekit-wid-con\" >        <!-- link opening -->\n                <!-- end link opening -->\n\n        <div class=\"elementskit-infobox text-center text-center icon-top-align elementor-animation-   \">\n                    <div class=\"elementskit-box-header elementor-animation-\">\n                <div class=\"elementskit-info-box-icon  \">\n                    <i aria-hidden=\"true\" class=\"elementkit-infobox-icon icon icon-hospital\"><\/i>\n                <\/div>\n          <\/div>\n                        <div class=\"box-body\">\n                            <h3 class=\"elementskit-info-box-title\">\n                    Ambulante, h\u00e4usliche Kranken- und Altenpflege                <\/h3>\n                        \t\t  \t<p>Unser Angebot umfasst die liebevolle und professionelle Pflege direkt bei Ihnen zu Hause. So k\u00f6nnen Sie in Ihrer gewohnten Umgebung bleiben und erhalten gleichzeitig die notwendige Unterst\u00fctzung.\n<\/p>\n                                        <div class=\"box-footer disable_hover_button\">\n                    <div class=\"btn-wraper\">\n                                                            <a class=\"elementskit-btn whitespace--normal elementor-animation-float\" href=\"https:\/\/adkoch.digitaleformate.wpspace-server.de\/?page_id=1996\">\n                                        mehr erfahren                                         <i aria-hidden=\"true\" class=\"icon icon-arrow-right\"><\/i>                                    <\/a>\n                                                        <\/div>\n                <\/div>\n                    <\/div>\n        \n        \n                <\/div>\n        <\/div>\t\t\t\t<\/div>\n\t\t\t\t<\/div>\n\t\t\t\t\t<\/div>\n\t\t<\/div>\n\t\t\t\t<div class=\"elementor-column elementor-col-33 elementor-inner-column elementor-element elementor-element-be33eac\" data-id=\"be33eac\" data-element_type=\"column\" data-e-type=\"column\" data-settings=\"{&quot;animation&quot;:&quot;none&quot;,&quot;animation_delay&quot;:400}\">\n\t\t\t<div class=\"elementor-widget-wrap elementor-element-populated\">\n\t\t\t\t\t\t<div class=\"elementor-element elementor-element-6b798fa ekit-equal-height-disable elementor-widget elementor-widget-elementskit-icon-box\" data-id=\"6b798fa\" data-element_type=\"widget\" data-e-type=\"widget\" data-widget_type=\"elementskit-icon-box.default\">\n\t\t\t\t<div class=\"elementor-widget-container\">\n\t\t\t\t\t<div class=\"ekit-wid-con\" >        <!-- link opening -->\n                <!-- end link opening -->\n\n        <div class=\"elementskit-infobox text-center text-center icon-top-align elementor-animation-   \">\n                    <div class=\"elementskit-box-header elementor-animation-\">\n                <div class=\"elementskit-info-box-icon  \">\n                    <i aria-hidden=\"true\" class=\"elementkit-infobox-icon icon icon-home\"><\/i>\n                <\/div>\n          <\/div>\n                        <div class=\"box-body\">\n                            <h3 class=\"elementskit-info-box-title\">\n                    Betreuung in unserer Tagespflege                <\/h3>\n                        \t\t  \t<p>Unsere Tagespflege bietet Ihnen eine angenehme und abwechslungsreiche Betreuung in einer famili\u00e4ren Atmosph\u00e4re. Hier k\u00f6nnen Sie den Tag in Gesellschaft verbringen und werden dabei optimal versorgt.\n<\/p>\n                                        <div class=\"box-footer disable_hover_button\">\n                    <div class=\"btn-wraper\">\n                                                            <a class=\"elementskit-btn whitespace--normal elementor-animation-float\" href=\"https:\/\/adkoch.digitaleformate.wpspace-server.de\/?page_id=1998\">\n                                        mehr erfahren                                         <i aria-hidden=\"true\" class=\"icon icon-arrow-right\"><\/i>                                    <\/a>\n                                                        <\/div>\n                <\/div>\n                    <\/div>\n        \n        \n                <\/div>\n        <\/div>\t\t\t\t<\/div>\n\t\t\t\t<\/div>\n\t\t\t\t\t<\/div>\n\t\t<\/div>\n\t\t\t\t<div class=\"elementor-column elementor-col-33 elementor-inner-column elementor-element elementor-element-1c8acb9\" data-id=\"1c8acb9\" data-element_type=\"column\" data-e-type=\"column\" data-settings=\"{&quot;animation&quot;:&quot;none&quot;,&quot;animation_delay&quot;:600}\">\n\t\t\t<div class=\"elementor-widget-wrap elementor-element-populated\">\n\t\t\t\t\t\t<div class=\"elementor-element elementor-element-362bb28 ekit-equal-height-disable elementor-widget elementor-widget-elementskit-icon-box\" data-id=\"362bb28\" data-element_type=\"widget\" data-e-type=\"widget\" data-widget_type=\"elementskit-icon-box.default\">\n\t\t\t\t<div class=\"elementor-widget-container\">\n\t\t\t\t\t<div class=\"ekit-wid-con\" >        <!-- link opening -->\n                <!-- end link opening -->\n\n        <div class=\"elementskit-infobox text-center text-center icon-top-align elementor-animation-   \">\n                    <div class=\"elementskit-box-header elementor-animation-\">\n                <div class=\"elementskit-info-box-icon  \">\n                    <i aria-hidden=\"true\" class=\"elementkit-infobox-icon icon icon-communication\"><\/i>\n                <\/div>\n          <\/div>\n                        <div class=\"box-body\">\n                            <h3 class=\"elementskit-info-box-title\">\n                    Senioren-Wohngemeinschaft in Windach                <\/h3>\n                        \t\t  \t<p>In unserer Senioren-Wohngemeinschaft in Windach leben Sie in einem harmonischen Umfeld, das sowohl Privatsph\u00e4re als auch gemeinschaftliche Aktivit\u00e4ten erm\u00f6glicht.\n<\/p>\n                                        <div class=\"box-footer disable_hover_button\">\n                    <div class=\"btn-wraper\">\n                                                            <a class=\"elementskit-btn whitespace--normal elementor-animation-float\" href=\"https:\/\/adkoch.digitaleformate.wpspace-server.de\/?page_id=2000\">\n                                        mehr erfahren                                         <i aria-hidden=\"true\" class=\"icon icon-arrow-right\"><\/i>                                    <\/a>\n                                                        <\/div>\n                <\/div>\n                    <\/div>\n        \n        \n                <\/div>\n        <\/div>\t\t\t\t<\/div>\n\t\t\t\t<\/div>\n\t\t\t\t\t<\/div>\n\t\t<\/div>\n\t\t\t\t\t<\/div>\n\t\t<\/section>\n\t\t\t\t\t<\/div>\n\t\t<\/div>\n\t\t\t\t\t<\/div>\n\t\t<\/section>\n\t\t\t\t<section class=\"elementor-section elementor-top-section elementor-element elementor-element-ea7159d elementor-section-boxed elementor-section-height-default elementor-section-height-default\" data-id=\"ea7159d\" data-element_type=\"section\" data-e-type=\"section\">\n\t\t\t\t\t\t<div class=\"elementor-container elementor-column-gap-no\">\n\t\t\t\t\t<div class=\"elementor-column elementor-col-100 elementor-top-column elementor-element elementor-element-dc44574\" data-id=\"dc44574\" data-element_type=\"column\" data-e-type=\"column\">\n\t\t\t<div class=\"elementor-widget-wrap elementor-element-populated\">\n\t\t\t\t\t\t<section class=\"elementor-section elementor-inner-section elementor-element elementor-element-d92a3dd elementor-section-full_width elementor-section-height-default elementor-section-height-default\" data-id=\"d92a3dd\" data-element_type=\"section\" data-e-type=\"section\">\n\t\t\t\t\t\t<div class=\"elementor-container elementor-column-gap-default\">\n\t\t\t\t\t<div class=\"elementor-column elementor-col-100 elementor-inner-column elementor-element elementor-element-5a88540\" data-id=\"5a88540\" data-element_type=\"column\" data-e-type=\"column\">\n\t\t\t<div class=\"elementor-widget-wrap elementor-element-populated\">\n\t\t\t\t\t\t<div class=\"elementor-element elementor-element-eae7b75 elementor-widget elementor-widget-heading\" data-id=\"eae7b75\" data-element_type=\"widget\" data-e-type=\"widget\" data-settings=\"{&quot;_animation&quot;:&quot;none&quot;}\" data-widget_type=\"heading.default\">\n\t\t\t\t<div class=\"elementor-widget-container\">\n\t\t\t\t\t<div class=\"elementor-heading-title elementor-size-default\">Wof\u00fcr wir stehen und was uns antreibt<\/div>\t\t\t\t<\/div>\n\t\t\t\t<\/div>\n\t\t\t\t<div class=\"elementor-element elementor-element-3d6a171 elementor-widget elementor-widget-heading\" data-id=\"3d6a171\" data-element_type=\"widget\" data-e-type=\"widget\" data-settings=\"{&quot;_animation&quot;:&quot;none&quot;,&quot;_animation_delay&quot;:200}\" data-widget_type=\"heading.default\">\n\t\t\t\t<div class=\"elementor-widget-container\">\n\t\t\t\t\t<h3 class=\"elementor-heading-title elementor-size-default\">UNSERE PRIORIT\u00c4T: QUALIT\u00c4T, ZUFRIEDENHEIT UND VERTRAUEN<\/h3>\t\t\t\t<\/div>\n\t\t\t\t<\/div>\n\t\t\t\t<div class=\"elementor-element elementor-element-d49e8ae elementor-widget elementor-widget-text-editor\" data-id=\"d49e8ae\" data-element_type=\"widget\" data-e-type=\"widget\" data-widget_type=\"text-editor.default\">\n\t\t\t\t<div class=\"elementor-widget-container\">\n\t\t\t\t\t\t\t\t\t<p>Immer mehr Menschen \u2013 ob alt, krank oder behindert \u2013 ben\u00f6tigen st\u00e4ndige oder zeitweise aktive Betreuung.<br \/>Dabei ist es f\u00fcr pflegende Angeh\u00f6rige oft nicht m\u00f6glich, die zus\u00e4tzliche Belastung l\u00e4ngerfristig zu tragen. Noch schwieriger erscheint die Lage alleinstehender Pflegebed\u00fcrftiger, die versuchen, ohne fremde Hilfe zurechtzukommen.<\/p><p>Wenn eine solche Situation nicht mehr zu bew\u00e4ltigen ist, mu\u00df ein Aufenthalt im Krankenhaus oder Pflegeheim nicht der einzige Ausweg sein. Unser Pflegedienst bietet kompetente Beratung und professionelle Hilfe bei der Pflege alter, kranker oder behinderter Menschen.<\/p><p>Es ist unser Ziel, Pflegebed\u00fcrftigen ein Leben in ihrem vertrauten Umfeld, in dem sie sich wohl f\u00fchlen, zu erm\u00f6glichen. Unser erfahrenes Team besteht aus examinierten Krankenschwestern\/-pflegern, Kinderkrankenschwestern\/-pflegern sowie Altenpflegern\/-innen, unterst\u00fctzt von qualifizierten Pflegehelfern\/-innen und hauswirtschaftlichen Kr\u00e4ften.<\/p>\t\t\t\t\t\t\t\t<\/div>\n\t\t\t\t<\/div>\n\t\t\t\t\t<\/div>\n\t\t<\/div>\n\t\t\t\t\t<\/div>\n\t\t<\/section>\n\t\t\t\t<div class=\"elementor-element elementor-element-6e81044 elementor-align-center elementor-widget elementor-widget-button\" data-id=\"6e81044\" data-element_type=\"widget\" data-e-type=\"widget\" data-widget_type=\"button.default\">\n\t\t\t\t<div class=\"elementor-widget-container\">\n\t\t\t\t\t\t\t\t\t<div class=\"elementor-button-wrapper\">\n\t\t\t\t\t<a class=\"elementor-button elementor-button-link elementor-size-sm elementor-animation-float\" href=\"https:\/\/adkoch.digitaleformate.wpspace-server.de\/?page_id=1994\">\n\t\t\t\t\t\t<span class=\"elementor-button-content-wrapper\">\n\t\t\t\t\t\t\t\t\t<span class=\"elementor-button-text\">Kontakt aufnehmen<\/span>\n\t\t\t\t\t<\/span>\n\t\t\t\t\t<\/a>\n\t\t\t\t<\/div>\n\t\t\t\t\t\t\t\t<\/div>\n\t\t\t\t<\/div>\n\t\t\t\t\t<\/div>\n\t\t<\/div>\n\t\t\t\t\t<\/div>\n\t\t<\/section>\n\t\t\t\t<section class=\"elementor-section elementor-top-section elementor-element elementor-element-8f8b196 elementor-section-boxed elementor-section-height-default elementor-section-height-default\" data-id=\"8f8b196\" data-element_type=\"section\" data-e-type=\"section\" data-settings=\"{&quot;background_background&quot;:&quot;classic&quot;}\">\n\t\t\t\t\t\t<div class=\"elementor-container elementor-column-gap-default\">\n\t\t\t\t\t<div class=\"elementor-column elementor-col-50 elementor-top-column elementor-element elementor-element-7c3e06d\" data-id=\"7c3e06d\" data-element_type=\"column\" data-e-type=\"column\" data-settings=\"{&quot;background_background&quot;:&quot;classic&quot;}\">\n\t\t\t<div class=\"elementor-widget-wrap elementor-element-populated\">\n\t\t\t\t\t\t<div class=\"elementor-element elementor-element-5e6f375 elementor-widget elementor-widget-spacer\" data-id=\"5e6f375\" data-element_type=\"widget\" data-e-type=\"widget\" data-widget_type=\"spacer.default\">\n\t\t\t\t<div class=\"elementor-widget-container\">\n\t\t\t\t\t\t\t<div class=\"elementor-spacer\">\n\t\t\t<div class=\"elementor-spacer-inner\"><\/div>\n\t\t<\/div>\n\t\t\t\t\t\t<\/div>\n\t\t\t\t<\/div>\n\t\t\t\t\t<\/div>\n\t\t<\/div>\n\t\t\t\t<div class=\"elementor-column elementor-col-50 elementor-top-column elementor-element elementor-element-a105b10\" data-id=\"a105b10\" data-element_type=\"column\" data-e-type=\"column\">\n\t\t\t<div class=\"elementor-widget-wrap elementor-element-populated\">\n\t\t\t\t\t\t<div class=\"elementor-element elementor-element-104de7e elementor-widget elementor-widget-heading\" data-id=\"104de7e\" data-element_type=\"widget\" data-e-type=\"widget\" data-settings=\"{&quot;_animation&quot;:&quot;none&quot;,&quot;_animation_delay&quot;:200}\" data-widget_type=\"heading.default\">\n\t\t\t\t<div class=\"elementor-widget-container\">\n\t\t\t\t\t<h3 class=\"elementor-heading-title elementor-size-default\">Das sagen unsere Patienten<\/h3>\t\t\t\t<\/div>\n\t\t\t\t<\/div>\n\t\t\t\t<div class=\"elementor-element elementor-element-d399570 elementor-widget elementor-widget-text-editor\" data-id=\"d399570\" data-element_type=\"widget\" data-e-type=\"widget\" data-widget_type=\"text-editor.default\">\n\t\t\t\t<div class=\"elementor-widget-container\">\n\t\t\t\t\t\t\t\t\t<p>Ein Auszug einiger Meinungen von unseren Patienten:<\/p>\t\t\t\t\t\t\t\t<\/div>\n\t\t\t\t<\/div>\n\t\t\t\t<section class=\"elementor-section elementor-inner-section elementor-element elementor-element-0153cb8 elementor-section-boxed elementor-section-height-default elementor-section-height-default\" data-id=\"0153cb8\" data-element_type=\"section\" data-e-type=\"section\">\n\t\t\t\t\t\t<div class=\"elementor-container elementor-column-gap-default\">\n\t\t\t\t\t<div class=\"elementor-column elementor-col-100 elementor-inner-column elementor-element elementor-element-ebaec87\" data-id=\"ebaec87\" data-element_type=\"column\" data-e-type=\"column\" data-settings=\"{&quot;background_background&quot;:&quot;classic&quot;}\">\n\t\t\t<div class=\"elementor-widget-wrap elementor-element-populated\">\n\t\t\t\t\t\t<div class=\"elementor-element elementor-element-ab0fe3a elementor-widget elementor-widget-elementskit-testimonial\" data-id=\"ab0fe3a\" data-element_type=\"widget\" data-e-type=\"widget\" data-widget_type=\"elementskit-testimonial.default\">\n\t\t\t\t<div class=\"elementor-widget-container\">\n\t\t\t\t\t<div class=\"ekit-wid-con\" ><div class=\"elementskit-testimonial-slider arrow_inside slider-dotted\" data-config=\"{&quot;rtl&quot;:false,&quot;arrows&quot;:false,&quot;dots&quot;:true,&quot;pauseOnHover&quot;:true,&quot;autoplay&quot;:false,&quot;speed&quot;:1000,&quot;slidesPerGroup&quot;:1,&quot;slidesPerView&quot;:1,&quot;loop&quot;:false,&quot;spaceBetween&quot;:15,&quot;breakpoints&quot;:{&quot;320&quot;:{&quot;slidesPerView&quot;:1,&quot;slidesPerGroup&quot;:1,&quot;spaceBetween&quot;:10},&quot;768&quot;:{&quot;slidesPerView&quot;:1,&quot;slidesPerGroup&quot;:1,&quot;spaceBetween&quot;:10},&quot;1024&quot;:{&quot;slidesPerView&quot;:1,&quot;slidesPerGroup&quot;:1,&quot;spaceBetween&quot;:15}}}\">\n\t<div class=\"ekit-main-swiper swiper\">\n\t\t<div class=\"swiper-wrapper\">\n\t\t\t\t\t\t<div class=\"swiper-slide\">\n\t\t\t\t<div class=\"swiper-slide-inner\">\n\t\t\t\t\t<div class=\"elementskit-testimonial-inner\" >\n\t\t\t\t\t\t<div class=\"elementskit-single-testimonial-slider  ekit_testimonial_style_2\">\n\t\t\t\t\t\t\t<div class=\"elementskit-commentor-content\">\n\t\t\t\t\t\t\t\t\t\t\t\t\t\t\t\t\t<p>\"Die Pflegekr\u00e4fte sind nicht nur professionell, sondern auch unglaublich herzlich. Ich f\u00fchle mich bestens betreut und kann meinen Alltag weiterhin selbstbestimmt gestalten.\"<\/p>\n\t\t\t\t\t\t\t\t\t\t\t\t\t\t\t\t\t\t\t\t\t\t\t\t\t<span class=\"elementskit-border-hr\"><\/span>\n\t\t\t\t\t\t\t\t\t\t\t\t\t\t\t\t<span class=\"elementskit-profile-info\">\n\t\t\t\t\t\t\t\t\t<strong class=\"elementskit-author-name\">Anna M., 82 Jahre<\/strong>\n\t\t\t\t\t\t\t\t\t<span class=\"elementskit-author-des\"><\/span>\n\t\t\t\t\t\t\t\t<\/span>\n\t\t\t\t\t\t\t<\/div>\n\t\t\t\t\t\t\t\t\t\t\t\t\t\t\t<div class=\"elementskit-watermark-icon \">\n\t\t\t\t\t\t\t\t\t<i aria-hidden=\"true\" class=\"icon icon-quote\"><\/i>\t\t\t\t\t\t\t\t<\/div>\n\t\t\t\t\t\t\t\t\t\t\t\t\t<\/div>\n\t\t\t\t\t<\/div>\n\t\t\t\t<\/div>\n\t\t\t<\/div>\n\t\t\t\t\t\t<div class=\"swiper-slide\">\n\t\t\t\t<div class=\"swiper-slide-inner\">\n\t\t\t\t\t<div class=\"elementskit-testimonial-inner\" >\n\t\t\t\t\t\t<div class=\"elementskit-single-testimonial-slider  ekit_testimonial_style_2\">\n\t\t\t\t\t\t\t<div class=\"elementskit-commentor-content\">\n\t\t\t\t\t\t\t\t\t\t\t\t\t\t\t\t\t<p>\"Die flexible Unterst\u00fctzung hat es mir erm\u00f6glicht, weiterhin in meinem eigenen Zuhause zu leben. Ich bin dankbar f\u00fcr die liebevolle Pflege, die mir hier zuteil wird.\"<\/p>\n\t\t\t\t\t\t\t\t\t\t\t\t\t\t\t\t\t\t\t\t\t\t\t\t\t<span class=\"elementskit-border-hr\"><\/span>\n\t\t\t\t\t\t\t\t\t\t\t\t\t\t\t\t<span class=\"elementskit-profile-info\">\n\t\t\t\t\t\t\t\t\t<strong class=\"elementskit-author-name\">Peter S., 75 Jahre<\/strong>\n\t\t\t\t\t\t\t\t\t<span class=\"elementskit-author-des\"><\/span>\n\t\t\t\t\t\t\t\t<\/span>\n\t\t\t\t\t\t\t<\/div>\n\t\t\t\t\t\t\t\t\t\t\t\t\t\t\t<div class=\"elementskit-watermark-icon \">\n\t\t\t\t\t\t\t\t\t<i aria-hidden=\"true\" class=\"icon icon-quote\"><\/i>\t\t\t\t\t\t\t\t<\/div>\n\t\t\t\t\t\t\t\t\t\t\t\t\t<\/div>\n\t\t\t\t\t<\/div>\n\t\t\t\t<\/div>\n\t\t\t<\/div>\n\t\t\t\t\t\t<div class=\"swiper-slide\">\n\t\t\t\t<div class=\"swiper-slide-inner\">\n\t\t\t\t\t<div class=\"elementskit-testimonial-inner\" >\n\t\t\t\t\t\t<div class=\"elementskit-single-testimonial-slider  ekit_testimonial_style_2\">\n\t\t\t\t\t\t\t<div class=\"elementskit-commentor-content\">\n\t\t\t\t\t\t\t\t\t\t\t\t\t\t\t\t\t<p>\"Meine Mutter ist in den besten H\u00e4nden. Der Pflegedienst gibt uns das beruhigende Gef\u00fchl, dass sie rundum gut versorgt ist \u2013 und das in einer famili\u00e4ren Atmosph\u00e4re.\"<\/p>\n\t\t\t\t\t\t\t\t\t\t\t\t\t\t\t\t\t\t\t\t\t\t\t\t\t<span class=\"elementskit-border-hr\"><\/span>\n\t\t\t\t\t\t\t\t\t\t\t\t\t\t\t\t<span class=\"elementskit-profile-info\">\n\t\t\t\t\t\t\t\t\t<strong class=\"elementskit-author-name\">Elisabeth R., Tochter einer Patientin<\/strong>\n\t\t\t\t\t\t\t\t\t<span class=\"elementskit-author-des\"><\/span>\n\t\t\t\t\t\t\t\t<\/span>\n\t\t\t\t\t\t\t<\/div>\n\t\t\t\t\t\t\t\t\t\t\t\t\t\t\t<div class=\"elementskit-watermark-icon \">\n\t\t\t\t\t\t\t\t\t<i aria-hidden=\"true\" class=\"icon icon-quote\"><\/i>\t\t\t\t\t\t\t\t<\/div>\n\t\t\t\t\t\t\t\t\t\t\t\t\t<\/div>\n\t\t\t\t\t<\/div>\n\t\t\t\t<\/div>\n\t\t\t<\/div>\n\t\t\t\t\t<\/div>\n\n\t\t\t\t\t<div class=\"swiper-pagination\"><\/div>\n\t\t\n\t\t\t<\/div>\n<\/div>\n<\/div>\t\t\t\t<\/div>\n\t\t\t\t<\/div>\n\t\t\t\t\t<\/div>\n\t\t<\/div>\n\t\t\t\t\t<\/div>\n\t\t<\/section>\n\t\t\t\t\t<\/div>\n\t\t<\/div>\n\t\t\t\t\t<\/div>\n\t\t<\/section>\n\t\t\t\t<section class=\"elementor-section elementor-top-section elementor-element elementor-element-faba7ab elementor-section-height-min-height elementor-section-boxed elementor-section-height-default elementor-section-items-middle\" data-id=\"faba7ab\" data-element_type=\"section\" data-e-type=\"section\" data-settings=\"{&quot;background_background&quot;:&quot;classic&quot;}\">\n\t\t\t\t\t\t\t<div class=\"elementor-background-overlay\"><\/div>\n\t\t\t\t\t\t\t<div class=\"elementor-container elementor-column-gap-no\">\n\t\t\t\t\t<div class=\"elementor-column elementor-col-100 elementor-top-column elementor-element elementor-element-303bb1f\" data-id=\"303bb1f\" data-element_type=\"column\" data-e-type=\"column\">\n\t\t\t<div class=\"elementor-widget-wrap elementor-element-populated\">\n\t\t\t\t\t\t<div class=\"elementor-element elementor-element-dbb7462 elementor-widget elementor-widget-heading\" data-id=\"dbb7462\" data-element_type=\"widget\" data-e-type=\"widget\" data-widget_type=\"heading.default\">\n\t\t\t\t<div class=\"elementor-widget-container\">\n\t\t\t\t\t<div class=\"elementor-heading-title elementor-size-default\">Lassen Sie uns sprechen<\/div>\t\t\t\t<\/div>\n\t\t\t\t<\/div>\n\t\t\t\t<div class=\"elementor-element elementor-element-a9d60a8 elementor-widget elementor-widget-heading\" data-id=\"a9d60a8\" data-element_type=\"widget\" data-e-type=\"widget\" data-widget_type=\"heading.default\">\n\t\t\t\t<div class=\"elementor-widget-container\">\n\t\t\t\t\t<h3 class=\"elementor-heading-title elementor-size-default\">Ihr Wohlbefinden ist unser Anliegen. Vereinbaren Sie ein Gespr\u00e4ch.<\/h3>\t\t\t\t<\/div>\n\t\t\t\t<\/div>\n\t\t\t\t<div class=\"elementor-element elementor-element-c7ca7b6 elementor-align-center elementor-widget elementor-widget-button\" data-id=\"c7ca7b6\" data-element_type=\"widget\" data-e-type=\"widget\" data-widget_type=\"button.default\">\n\t\t\t\t<div class=\"elementor-widget-container\">\n\t\t\t\t\t\t\t\t\t<div class=\"elementor-button-wrapper\">\n\t\t\t\t\t<a class=\"elementor-button elementor-button-link elementor-size-sm elementor-animation-float\" href=\"https:\/\/adkoch.digitaleformate.wpspace-server.de\/?page_id=1994\">\n\t\t\t\t\t\t<span class=\"elementor-button-content-wrapper\">\n\t\t\t\t\t\t<span class=\"elementor-button-icon\">\n\t\t\t\t<i aria-hidden=\"true\" class=\"icon icon-arrow-right\"><\/i>\t\t\t<\/span>\n\t\t\t\t\t\t\t\t\t<span class=\"elementor-button-text\">Jetzt Kontakt aufnehmen<\/span>\n\t\t\t\t\t<\/span>\n\t\t\t\t\t<\/a>\n\t\t\t\t<\/div>\n\t\t\t\t\t\t\t\t<\/div>\n\t\t\t\t<\/div>\n\t\t\t\t\t<\/div>\n\t\t<\/div>\n\t\t\t\t\t<\/div>\n\t\t<\/section>\n\t\t\t\t<\/div>\n\t\t","protected":false},"excerpt":{"rendered":"<p>F\u00fcr ein selbstbestimmtes Leben Kompetente Pflege &amp; Betreuung \u2013 zu Hause oder in Gemeinschaft Unser unterst\u00fctzen Sie gerne in famili\u00e4rer Betreuung, die zu Ihren Bed\u00fcrfnissen passt. Rufen Sie unser Team f\u00fcr weitere Infos gerne an. 08193 \/ 93 97 08 Qualit\u00e4t, Zufriedenheit und Vertrauen Pflegezentrum Windach-Ammersee GmbH Das Pflegezentrum Windach-Ammersee bietet seit 1995 umfassende Pflege- [&hellip;]<\/p>\n","protected":false},"author":1,"featured_media":0,"parent":0,"menu_order":0,"comment_status":"closed","ping_status":"closed","template":"elementor_header_footer","meta":{"footnotes":""},"class_list":["post-2948","page","type-page","status-publish","hentry"],"_links":{"self":[{"href":"https:\/\/adkoch.digitaleformate.wpspace-server.de\/index.php?rest_route=\/wp\/v2\/pages\/2948","targetHints":{"allow":["GET"]}}],"collection":[{"href":"https:\/\/adkoch.digitaleformate.wpspace-server.de\/index.php?rest_route=\/wp\/v2\/pages"}],"about":[{"href":"https:\/\/adkoch.digitaleformate.wpspace-server.de\/index.php?rest_route=\/wp\/v2\/types\/page"}],"author":[{"embeddable":true,"href":"https:\/\/adkoch.digitaleformate.wpspace-server.de\/index.php?rest_route=\/wp\/v2\/users\/1"}],"replies":[{"embeddable":true,"href":"https:\/\/adkoch.digitaleformate.wpspace-server.de\/index.php?rest_route=%2Fwp%2Fv2%2Fcomments&post=2948"}],"version-history":[{"count":7,"href":"https:\/\/adkoch.digitaleformate.wpspace-server.de\/index.php?rest_route=\/wp\/v2\/pages\/2948\/revisions"}],"predecessor-version":[{"id":2957,"href":"https:\/\/adkoch.digitaleformate.wpspace-server.de\/index.php?rest_route=\/wp\/v2\/pages\/2948\/revisions\/2957"}],"wp:attachment":[{"href":"https:\/\/adkoch.digitaleformate.wpspace-server.de\/index.php?rest_route=%2Fwp%2Fv2%2Fmedia&parent=2948"}],"curies":[{"name":"wp","href":"https:\/\/api.w.org\/{rel}","templated":true}]}}